{"id":7192,"date":"2026-04-27T21:23:39","date_gmt":"2026-04-27T19:23:39","guid":{"rendered":"https:\/\/www.iode-du-lac.org\/blog\/?page_id=7192"},"modified":"2026-04-28T23:04:05","modified_gmt":"2026-04-28T21:04:05","slug":"actualites","status":"publish","type":"page","link":"https:\/\/www.iode-du-lac.org\/blog\/actualites\/","title":{"rendered":"Actualit\u00e9s"},"content":{"rendered":"\t\t<div data-elementor-type=\"wp-page\" data-elementor-id=\"7192\" class=\"elementor elementor-7192\">\n\t\t\t\t<div class=\"elementor-element elementor-element-f821dd0 e-con-full e-flex jltma-glass-effect-no wpr-particle-no wpr-jarallax-no wpr-parallax-no wpr-sticky-section-no wpr-equal-height-no e-con e-parent\" data-id=\"f821dd0\" data-element_type=\"container\" data-e-type=\"container\" data-settings=\"{&quot;background_background&quot;:&quot;classic&quot;}\">\n\t\t\t\t<div class=\"elementor-element elementor-element-584100a jltma-glass-effect-no elementor-widget elementor-widget-heading\" data-id=\"584100a\" data-element_type=\"widget\" data-e-type=\"widget\" data-widget_type=\"heading.default\">\n\t\t\t\t\t<h2 class=\"elementor-heading-title elementor-size-default\">Bienvenue sur le Blog Iode-du-Lac<\/h2>\t\t\t\t<\/div>\n\t\t\t\t<\/div>\n\t\t<div class=\"elementor-element elementor-element-82af6d2 e-con-full e-flex jltma-glass-effect-no wpr-particle-no wpr-jarallax-no wpr-parallax-no wpr-sticky-section-no wpr-equal-height-no e-con e-parent\" data-id=\"82af6d2\" data-element_type=\"container\" data-e-type=\"container\" data-settings=\"{&quot;background_background&quot;:&quot;classic&quot;}\">\n\t\t\t\t<div class=\"elementor-element elementor-element-c283dbb jltma-glass-effect-no elementor-widget elementor-widget-heading\" data-id=\"c283dbb\" data-element_type=\"widget\" data-e-type=\"widget\" data-widget_type=\"heading.default\">\n\t\t\t\t\t<h2 class=\"elementor-heading-title elementor-size-default\">Choisissez votre th\u00e8me....<\/h2>\t\t\t\t<\/div>\n\t\t\t\t<\/div>\n\t\t<div class=\"elementor-element elementor-element-9ba5728 e-con-full e-flex jltma-glass-effect-no wpr-particle-no wpr-jarallax-no wpr-parallax-no wpr-sticky-section-no wpr-equal-height-no e-con e-parent\" data-id=\"9ba5728\" data-element_type=\"container\" data-e-type=\"container\" data-settings=\"{&quot;background_background&quot;:&quot;classic&quot;}\">\n\t\t\t\t<div class=\"elementor-element elementor-element-ac44c37 wpr-taxonomy-list-horizontal jltma-glass-effect-no elementor-widget elementor-widget-wpr-taxonomy-list\" data-id=\"ac44c37\" data-element_type=\"widget\" data-e-type=\"widget\" data-widget_type=\"wpr-taxonomy-list.default\">\n\t\t\t\t\t<ul class=\"wpr-taxonomy-list\" data-show-on-click=\"\"><li class=\"wpr-taxonomy\"data-term-id=\"9\"><a target=\"_blank\" href=\"https:\/\/www.iode-du-lac.org\/blog\/category\/alimentation\/\"><span class=\"wpr-tax-wrap\"> <span><\/span><span>Alimentation<\/span><\/span><span><span class=\"wpr-term-count\">&nbsp;(93)<\/span><\/span><\/a><\/li><li class=\"wpr-taxonomy\"data-term-id=\"135\"><a target=\"_blank\" href=\"https:\/\/www.iode-du-lac.org\/blog\/category\/lassociation\/\"><span class=\"wpr-tax-wrap\"> <span><\/span><span>Association<\/span><\/span><span><span class=\"wpr-term-count\">&nbsp;(8)<\/span><\/span><\/a><\/li><li class=\"wpr-taxonomy\"data-term-id=\"157\"><a target=\"_blank\" href=\"https:\/\/www.iode-du-lac.org\/blog\/category\/economiefinance\/\"><span class=\"wpr-tax-wrap\"> <span><\/span><span>Economie et finance \u00e9thique<\/span><\/span><span><span class=\"wpr-term-count\">&nbsp;(23)<\/span><\/span><\/a><\/li><li class=\"wpr-taxonomy\"data-term-id=\"178\"><a target=\"_blank\" href=\"https:\/\/www.iode-du-lac.org\/blog\/category\/ethique-animale\/\"><span class=\"wpr-tax-wrap\"> <span><\/span><span>Ethique animale<\/span><\/span><span><span class=\"wpr-term-count\">&nbsp;(34)<\/span><\/span><\/a><\/li><li class=\"wpr-taxonomy\"data-term-id=\"86\"><a target=\"_blank\" href=\"https:\/\/www.iode-du-lac.org\/blog\/category\/jardin\/\"><span class=\"wpr-tax-wrap\"> <span><\/span><span>Jardin et permaculture<\/span><\/span><span><span class=\"wpr-term-count\">&nbsp;(60)<\/span><\/span><\/a><\/li><li class=\"wpr-taxonomy\"data-term-id=\"11\"><a target=\"_blank\" href=\"https:\/\/www.iode-du-lac.org\/blog\/category\/habitat-et-energie\/\"><span class=\"wpr-tax-wrap\"> <span><\/span><span>L&#039;habitat et l&#039;\u00e9nergie<\/span><\/span><span><span class=\"wpr-term-count\">&nbsp;(68)<\/span><\/span><\/a><\/li><li class=\"wpr-taxonomy\"data-term-id=\"54\"><a target=\"_blank\" href=\"https:\/\/www.iode-du-lac.org\/blog\/category\/amap\/\"><span class=\"wpr-tax-wrap\"> <span><\/span><span>Les AMAPs<\/span><\/span><span><span class=\"wpr-term-count\">&nbsp;(10)<\/span><\/span><\/a><\/li><li class=\"wpr-taxonomy\"data-term-id=\"10\"><a target=\"_blank\" href=\"https:\/\/www.iode-du-lac.org\/blog\/category\/transports\/\"><span class=\"wpr-tax-wrap\"> <span><\/span><span>Les transports<\/span><\/span><span><span class=\"wpr-term-count\">&nbsp;(118)<\/span><\/span><\/a><\/li><li class=\"wpr-taxonomy\"data-term-id=\"199\"><a target=\"_blank\" href=\"https:\/\/www.iode-du-lac.org\/blog\/category\/dechet\/\"><span class=\"wpr-tax-wrap\"> <span><\/span><span>R\u00e9duction d\u00e9chets<\/span><\/span><span><span class=\"wpr-term-count\">&nbsp;(2)<\/span><\/span><\/a><\/li><li class=\"wpr-taxonomy\"data-term-id=\"36\"><a target=\"_blank\" href=\"https:\/\/www.iode-du-lac.org\/blog\/category\/velo-taffeurs\/\"><span class=\"wpr-tax-wrap\"> <span><\/span><span>V\u00e9lo<\/span><\/span><span><span class=\"wpr-term-count\">&nbsp;(73)<\/span><\/span><\/a><\/li><\/ul>\t\t\t\t<\/div>\n\t\t\t\t<\/div>\n\t\t<div class=\"elementor-element elementor-element-5b7b8f3 e-con-full e-flex jltma-glass-effect-no wpr-particle-no wpr-jarallax-no wpr-parallax-no wpr-sticky-section-no wpr-equal-height-no e-con e-parent\" data-id=\"5b7b8f3\" data-element_type=\"container\" data-e-type=\"container\" data-settings=\"{&quot;background_background&quot;:&quot;classic&quot;}\">\n\t\t\t\t<div class=\"elementor-element elementor-element-e5b98bf jltma-glass-effect-no elementor-widget elementor-widget-heading\" data-id=\"e5b98bf\" data-element_type=\"widget\" data-e-type=\"widget\" data-widget_type=\"heading.default\">\n\t\t\t\t\t<h2 class=\"elementor-heading-title elementor-size-default\">Les 10 derni\u00e8res actualit\u00e9s<\/h2>\t\t\t\t<\/div>\n\t\t\t\t<\/div>\n\t\t<div class=\"elementor-element elementor-element-90015db e-con-full e-flex jltma-glass-effect-no wpr-particle-no wpr-jarallax-no wpr-parallax-no wpr-sticky-section-no wpr-equal-height-no e-con e-parent\" data-id=\"90015db\" data-element_type=\"container\" data-e-type=\"container\" id=\"BL01\" data-settings=\"{&quot;background_background&quot;:&quot;classic&quot;}\">\n\t\t\t\t<div class=\"elementor-element elementor-element-ebc2df3 elementor-grid-eael-col-5 elementor-widget__width-inherit elementor-grid-tablet-eael-col-2 elementor-grid-mobile-eael-col-1 jltma-glass-effect-no elementor-widget elementor-widget-eael-post-grid\" data-id=\"ebc2df3\" data-element_type=\"widget\" data-e-type=\"widget\" data-settings=\"{&quot;eael_post_grid_columns&quot;:&quot;eael-col-5&quot;,&quot;eael_post_grid_columns_tablet&quot;:&quot;eael-col-2&quot;,&quot;eael_post_grid_columns_mobile&quot;:&quot;eael-col-1&quot;}\" data-widget_type=\"eael-post-grid.default\">\n\t\t\t\t\t<div id=\"eael-post-grid-ebc2df3\" class=\"eael-post-grid-container\">\n            <div class=\"eael-post-grid eael-post-appender eael-post-appender-ebc2df3 eael-post-grid-style-three\" data-layout-mode=\"grid\"><article class=\"eael-grid-post  eael-post-grid-column eael-pg-post-7429 category-velo-taffeurs\" data-id=\"7429\">\n        <div class=\"eael-grid-post-holder\">\n            <div class=\"eael-grid-post-holder-inner\"><div class=\"eael-entry-media\"><div class=\"eael-entry-overlay fade-in\"><i class=\"fas fa-external-link-alt\" aria-hidden=\"true\"><\/i><a href=\"https:\/\/www.iode-du-lac.org\/blog\/2026\/04\/semaine-allons-y-a-velo-ayav\/\"><\/a><\/div><div class=\"eael-entry-thumbnail \">\n                 <img fetchpriority=\"high\" decoding=\"async\" width=\"300\" height=\"168\" src=\"https:\/\/www.iode-du-lac.org\/blog\/wp-content\/uploads\/2026\/04\/ayav4-300x168.png\" class=\"attachment-medium size-medium wp-image-7549\" alt=\"\" srcset=\"https:\/\/www.iode-du-lac.org\/blog\/wp-content\/uploads\/2026\/04\/ayav4-300x168.png 300w, https:\/\/www.iode-du-lac.org\/blog\/wp-content\/uploads\/2026\/04\/ayav4.png 451w\" sizes=\"(max-width: 300px) 100vw, 300px\" \/>\n             <\/div>\n        <\/div><div class=\"eael-entry-wrapper\"><header class=\"eael-entry-header\"><h4 class=\"eael-entry-title\"><a class=\"eael-grid-post-link\" href=\"https:\/\/www.iode-du-lac.org\/blog\/2026\/04\/semaine-allons-y-a-velo-ayav\/\" title=\"Semaine Allons-y \u00e0 V\u00e9lo (AYAV)\">Semaine Allons-y \u00e0 V\u00e9lo (AYAV)<\/a><\/h4><\/header><div class=\"eael-entry-content\">\n                        <div class=\"eael-grid-post-excerpt\"><p>La commission d\u00e9veloppement durable du CSE Airbus Operations et l&rsquo;association...<\/p><a href=\"https:\/\/www.iode-du-lac.org\/blog\/2026\/04\/semaine-allons-y-a-velo-ayav\/\" class=\"eael-post-elements-readmore-btn\">Lire l'article complet ...<\/a><\/div>\n                    <\/div><\/div><\/div>\n        <\/div>\n    <\/article><article class=\"eael-grid-post  eael-post-grid-column eael-pg-post-7392 category-jardin\" data-id=\"7392\">\n        <div class=\"eael-grid-post-holder\">\n            <div class=\"eael-grid-post-holder-inner\"><div class=\"eael-entry-media\"><div class=\"eael-entry-overlay fade-in\"><i class=\"fas fa-external-link-alt\" aria-hidden=\"true\"><\/i><a href=\"https:\/\/www.iode-du-lac.org\/blog\/2026\/04\/conference-permaculture-reproduction-des-plantes\/\"><\/a><\/div><div class=\"eael-entry-thumbnail \">\n                 <img decoding=\"async\" width=\"300\" height=\"157\" src=\"https:\/\/www.iode-du-lac.org\/blog\/wp-content\/uploads\/2026\/04\/cours-perma-300x157.png\" class=\"attachment-medium size-medium wp-image-7403\" alt=\"\" srcset=\"https:\/\/www.iode-du-lac.org\/blog\/wp-content\/uploads\/2026\/04\/cours-perma-300x157.png 300w, https:\/\/www.iode-du-lac.org\/blog\/wp-content\/uploads\/2026\/04\/cours-perma.png 391w\" sizes=\"(max-width: 300px) 100vw, 300px\" \/>\n             <\/div>\n        <\/div><div class=\"eael-entry-wrapper\"><header class=\"eael-entry-header\"><h4 class=\"eael-entry-title\"><a class=\"eael-grid-post-link\" href=\"https:\/\/www.iode-du-lac.org\/blog\/2026\/04\/conference-permaculture-reproduction-des-plantes\/\" title=\"Conf\u00e9rence permaculture &#8211; Reproduction des plantes\">Conf\u00e9rence permaculture &#8211; Reproduction des plantes<\/a><\/h4><\/header><div class=\"eael-entry-content\">\n                        <div class=\"eael-grid-post-excerpt\"><p>Notre intervenant des cours de permaculture, Ludo du Bosquet Fantastique,...<\/p><a href=\"https:\/\/www.iode-du-lac.org\/blog\/2026\/04\/conference-permaculture-reproduction-des-plantes\/\" class=\"eael-post-elements-readmore-btn\">Lire l'article complet ...<\/a><\/div>\n                    <\/div><\/div><\/div>\n        <\/div>\n    <\/article><article class=\"eael-grid-post  eael-post-grid-column eael-pg-post-7382 category-lassociation\" data-id=\"7382\">\n        <div class=\"eael-grid-post-holder\">\n            <div class=\"eael-grid-post-holder-inner\"><div class=\"eael-entry-media\"><div class=\"eael-entry-overlay fade-in\"><i class=\"fas fa-external-link-alt\" aria-hidden=\"true\"><\/i><a href=\"https:\/\/www.iode-du-lac.org\/blog\/2026\/04\/assemblee-generale-2026\/\"><\/a><\/div><div class=\"eael-entry-thumbnail \">\n                 <img decoding=\"async\" width=\"300\" height=\"142\" src=\"https:\/\/www.iode-du-lac.org\/blog\/wp-content\/uploads\/2026\/04\/AG-2026-300x142.png\" class=\"attachment-medium size-medium wp-image-7391\" alt=\"\" srcset=\"https:\/\/www.iode-du-lac.org\/blog\/wp-content\/uploads\/2026\/04\/AG-2026-300x142.png 300w, https:\/\/www.iode-du-lac.org\/blog\/wp-content\/uploads\/2026\/04\/AG-2026-1024x486.png 1024w, https:\/\/www.iode-du-lac.org\/blog\/wp-content\/uploads\/2026\/04\/AG-2026-768x365.png 768w, https:\/\/www.iode-du-lac.org\/blog\/wp-content\/uploads\/2026\/04\/AG-2026.png 1321w\" sizes=\"(max-width: 300px) 100vw, 300px\" \/>\n             <\/div>\n        <\/div><div class=\"eael-entry-wrapper\"><header class=\"eael-entry-header\"><h4 class=\"eael-entry-title\"><a class=\"eael-grid-post-link\" href=\"https:\/\/www.iode-du-lac.org\/blog\/2026\/04\/assemblee-generale-2026\/\" title=\"Assembl\u00e9e G\u00e9n\u00e9rale 2026\">Assembl\u00e9e G\u00e9n\u00e9rale 2026<\/a><\/h4><\/header><div class=\"eael-entry-content\">\n                        <div class=\"eael-grid-post-excerpt\"><p>L\u2019Assembl\u00e9e G\u00e9n\u00e9rale de l\u2019association a eu lieu le 10 mars...<\/p><a href=\"https:\/\/www.iode-du-lac.org\/blog\/2026\/04\/assemblee-generale-2026\/\" class=\"eael-post-elements-readmore-btn\">Lire l'article complet ...<\/a><\/div>\n                    <\/div><\/div><\/div>\n        <\/div>\n    <\/article><article class=\"eael-grid-post  eael-post-grid-column eael-pg-post-7407 category-ethique-animale\" data-id=\"7407\">\n        <div class=\"eael-grid-post-holder\">\n            <div class=\"eael-grid-post-holder-inner\"><div class=\"eael-entry-media\"><div class=\"eael-entry-overlay fade-in\"><i class=\"fas fa-external-link-alt\" aria-hidden=\"true\"><\/i><a href=\"https:\/\/www.iode-du-lac.org\/blog\/2026\/04\/retour-sur-la-conference-animal-economics\/\"><\/a><\/div><div class=\"eael-entry-thumbnail \">\n                 <img loading=\"lazy\" decoding=\"async\" width=\"226\" height=\"136\" src=\"https:\/\/www.iode-du-lac.org\/blog\/wp-content\/uploads\/2026\/04\/animal.png\" class=\"attachment-medium size-medium wp-image-7425\" alt=\"\" \/>\n             <\/div>\n        <\/div><div class=\"eael-entry-wrapper\"><header class=\"eael-entry-header\"><h4 class=\"eael-entry-title\"><a class=\"eael-grid-post-link\" href=\"https:\/\/www.iode-du-lac.org\/blog\/2026\/04\/retour-sur-la-conference-animal-economics\/\" title=\"Retour sur la conf\u00e9rence \u201cAnimal Economics\u201d\">Retour sur la conf\u00e9rence \u201cAnimal Economics\u201d<\/a><\/h4><\/header><div class=\"eael-entry-content\">\n                        <div class=\"eael-grid-post-excerpt\"><p>Comme annonc\u00e9, la conf\u00e9rence sur l&rsquo;Economie des animaux ou comment...<\/p><a href=\"https:\/\/www.iode-du-lac.org\/blog\/2026\/04\/retour-sur-la-conference-animal-economics\/\" class=\"eael-post-elements-readmore-btn\">Lire l'article complet ...<\/a><\/div>\n                    <\/div><\/div><\/div>\n        <\/div>\n    <\/article><article class=\"eael-grid-post  eael-post-grid-column eael-pg-post-6386 category-ethique-animale\" data-id=\"6386\">\n        <div class=\"eael-grid-post-holder\">\n            <div class=\"eael-grid-post-holder-inner\"><div class=\"eael-entry-media\"><div class=\"eael-entry-overlay fade-in\"><i class=\"fas fa-external-link-alt\" aria-hidden=\"true\"><\/i><a href=\"https:\/\/www.iode-du-lac.org\/blog\/2024\/12\/compte-rendu-de-la-projection-de-73-cows\/\"><\/a><\/div><div class=\"eael-entry-thumbnail \">\n                 <img loading=\"lazy\" decoding=\"async\" width=\"227\" height=\"300\" src=\"https:\/\/www.iode-du-lac.org\/blog\/wp-content\/uploads\/2024\/12\/Screenshot_20241211_130851_WhatsApp-250x330.jpg\" class=\"attachment-medium size-medium wp-image-6391\" alt=\"\" srcset=\"https:\/\/www.iode-du-lac.org\/blog\/wp-content\/uploads\/2024\/12\/Screenshot_20241211_130851_WhatsApp-250x330.jpg 250w, https:\/\/www.iode-du-lac.org\/blog\/wp-content\/uploads\/2024\/12\/Screenshot_20241211_130851_WhatsApp-680x897.jpg 680w, https:\/\/www.iode-du-lac.org\/blog\/wp-content\/uploads\/2024\/12\/Screenshot_20241211_130851_WhatsApp-125x165.jpg 125w, https:\/\/www.iode-du-lac.org\/blog\/wp-content\/uploads\/2024\/12\/Screenshot_20241211_130851_WhatsApp.jpg 720w\" sizes=\"(max-width: 227px) 100vw, 227px\" \/>\n             <\/div>\n        <\/div><div class=\"eael-entry-wrapper\"><header class=\"eael-entry-header\"><h4 class=\"eael-entry-title\"><a class=\"eael-grid-post-link\" href=\"https:\/\/www.iode-du-lac.org\/blog\/2024\/12\/compte-rendu-de-la-projection-de-73-cows\/\" title=\"compte-rendu de la projection de \u201c73 cows\u201d\">compte-rendu de la projection de \u201c73 cows\u201d<\/a><\/h4><\/header><div class=\"eael-entry-content\">\n                        <div class=\"eael-grid-post-excerpt\"><p>Le mercredi 27 novembre 2024, le groupe Ethique Animale de...<\/p><a href=\"https:\/\/www.iode-du-lac.org\/blog\/2024\/12\/compte-rendu-de-la-projection-de-73-cows\/\" class=\"eael-post-elements-readmore-btn\">Lire l'article complet ...<\/a><\/div>\n                    <\/div><\/div><\/div>\n        <\/div>\n    <\/article><article class=\"eael-grid-post  eael-post-grid-column eael-pg-post-6378 category-ethique-animale\" data-id=\"6378\">\n        <div class=\"eael-grid-post-holder\">\n            <div class=\"eael-grid-post-holder-inner\"><div class=\"eael-entry-media\"><div class=\"eael-entry-overlay fade-in\"><i class=\"fas fa-external-link-alt\" aria-hidden=\"true\"><\/i><a href=\"https:\/\/www.iode-du-lac.org\/blog\/2024\/11\/documentaire-73-cows\/\"><\/a><\/div><div class=\"eael-entry-thumbnail \">\n                 <img loading=\"lazy\" decoding=\"async\" width=\"250\" height=\"129\" src=\"https:\/\/www.iode-du-lac.org\/blog\/wp-content\/uploads\/2024\/11\/73-cows-1-250x129.png\" class=\"attachment-medium size-medium wp-image-6380\" alt=\"\" srcset=\"https:\/\/www.iode-du-lac.org\/blog\/wp-content\/uploads\/2024\/11\/73-cows-1-250x129.png 250w, https:\/\/www.iode-du-lac.org\/blog\/wp-content\/uploads\/2024\/11\/73-cows-1-680x351.png 680w, https:\/\/www.iode-du-lac.org\/blog\/wp-content\/uploads\/2024\/11\/73-cows-1-125x65.png 125w, https:\/\/www.iode-du-lac.org\/blog\/wp-content\/uploads\/2024\/11\/73-cows-1.png 684w\" sizes=\"(max-width: 250px) 100vw, 250px\" \/>\n             <\/div>\n        <\/div><div class=\"eael-entry-wrapper\"><header class=\"eael-entry-header\"><h4 class=\"eael-entry-title\"><a class=\"eael-grid-post-link\" href=\"https:\/\/www.iode-du-lac.org\/blog\/2024\/11\/documentaire-73-cows\/\" title=\"Documentaire \u201c73 cows\u201d\">Documentaire \u201c73 cows\u201d<\/a><\/h4><\/header><div class=\"eael-entry-content\">\n                        <div class=\"eael-grid-post-excerpt\"><p>Projection-d\u00e9bat avec d\u00e9gustation v\u00e9g\u00e9tale Le groupe Ethique Animale de IODE...<\/p><a href=\"https:\/\/www.iode-du-lac.org\/blog\/2024\/11\/documentaire-73-cows\/\" class=\"eael-post-elements-readmore-btn\">Lire l'article complet ...<\/a><\/div>\n                    <\/div><\/div><\/div>\n        <\/div>\n    <\/article><article class=\"eael-grid-post  eael-post-grid-column eael-pg-post-6366 category-ethique-animale\" data-id=\"6366\">\n        <div class=\"eael-grid-post-holder\">\n            <div class=\"eael-grid-post-holder-inner\"><div class=\"eael-entry-wrapper\"><header class=\"eael-entry-header\"><h4 class=\"eael-entry-title\"><a class=\"eael-grid-post-link\" href=\"https:\/\/www.iode-du-lac.org\/blog\/2024\/04\/half-of-the-worlds-habitable-land-is-used-for-agriculture\/\" title=\"Half of the world\u2019s habitable land is used for agriculture\">Half of the world\u2019s habitable land is used for agriculture<\/a><\/h4><\/header><div class=\"eael-entry-content\">\n                        <div class=\"eael-grid-post-excerpt\"><p>\u00ab\u00a0The vast majority of the world\u2019s agricultural land is used...<\/p><a href=\"https:\/\/www.iode-du-lac.org\/blog\/2024\/04\/half-of-the-worlds-habitable-land-is-used-for-agriculture\/\" class=\"eael-post-elements-readmore-btn\">Lire l'article complet ...<\/a><\/div>\n                    <\/div><\/div><\/div>\n        <\/div>\n    <\/article><article class=\"eael-grid-post  eael-post-grid-column eael-pg-post-6355 category-alimentation-ethique-animale\" data-id=\"6355\">\n        <div class=\"eael-grid-post-holder\">\n            <div class=\"eael-grid-post-holder-inner\"><div class=\"eael-entry-media\"><div class=\"eael-entry-overlay fade-in\"><i class=\"fas fa-external-link-alt\" aria-hidden=\"true\"><\/i><a href=\"https:\/\/www.iode-du-lac.org\/blog\/2024\/03\/atelier-de-cuisine-vegetale-samedi-27-avril-2024\/\"><\/a><\/div><div class=\"eael-entry-thumbnail \">\n                 <img loading=\"lazy\" decoding=\"async\" width=\"250\" height=\"129\" src=\"https:\/\/www.iode-du-lac.org\/blog\/wp-content\/uploads\/2024\/03\/Anton-250x129.png\" class=\"attachment-medium size-medium wp-image-6361\" alt=\"\" srcset=\"https:\/\/www.iode-du-lac.org\/blog\/wp-content\/uploads\/2024\/03\/Anton-250x129.png 250w, https:\/\/www.iode-du-lac.org\/blog\/wp-content\/uploads\/2024\/03\/Anton-680x351.png 680w, https:\/\/www.iode-du-lac.org\/blog\/wp-content\/uploads\/2024\/03\/Anton-768x396.png 768w, https:\/\/www.iode-du-lac.org\/blog\/wp-content\/uploads\/2024\/03\/Anton-125x65.png 125w, https:\/\/www.iode-du-lac.org\/blog\/wp-content\/uploads\/2024\/03\/Anton.png 781w\" sizes=\"(max-width: 250px) 100vw, 250px\" \/>\n             <\/div>\n        <\/div><div class=\"eael-entry-wrapper\"><header class=\"eael-entry-header\"><h4 class=\"eael-entry-title\"><a class=\"eael-grid-post-link\" href=\"https:\/\/www.iode-du-lac.org\/blog\/2024\/03\/atelier-de-cuisine-vegetale-samedi-27-avril-2024\/\" title=\"Atelier de cuisine v\u00e9g\u00e9tale &#8211; samedi 27 avril 2024\">Atelier de cuisine v\u00e9g\u00e9tale &#8211; samedi 27 avril 2024<\/a><\/h4><\/header><div class=\"eael-entry-content\">\n                        <div class=\"eael-grid-post-excerpt\"><p>IODE et le groupe Ethique animale vous proposent un atelier...<\/p><a href=\"https:\/\/www.iode-du-lac.org\/blog\/2024\/03\/atelier-de-cuisine-vegetale-samedi-27-avril-2024\/\" class=\"eael-post-elements-readmore-btn\">Lire l'article complet ...<\/a><\/div>\n                    <\/div><\/div><\/div>\n        <\/div>\n    <\/article><article class=\"eael-grid-post  eael-post-grid-column eael-pg-post-6346 category-alimentation\" data-id=\"6346\">\n        <div class=\"eael-grid-post-holder\">\n            <div class=\"eael-grid-post-holder-inner\"><div class=\"eael-entry-media\"><div class=\"eael-entry-overlay fade-in\"><i class=\"fas fa-external-link-alt\" aria-hidden=\"true\"><\/i><a href=\"https:\/\/www.iode-du-lac.org\/blog\/2024\/01\/lenigme-des-experts-climatiques-face-a-lurgence-ou-comment-passer-a-cote-du-principal-facteur-emetteur-mondial-quest-lelevage\/\"><\/a><\/div><div class=\"eael-entry-thumbnail \">\n                 <img loading=\"lazy\" decoding=\"async\" width=\"250\" height=\"156\" src=\"https:\/\/www.iode-du-lac.org\/blog\/wp-content\/uploads\/2024\/01\/Lenigme-des-experts-climatiques-face-a-lurgence-2-1080x675-1-250x156.jpg\" class=\"attachment-medium size-medium wp-image-6347\" alt=\"\" srcset=\"https:\/\/www.iode-du-lac.org\/blog\/wp-content\/uploads\/2024\/01\/Lenigme-des-experts-climatiques-face-a-lurgence-2-1080x675-1-250x156.jpg 250w, https:\/\/www.iode-du-lac.org\/blog\/wp-content\/uploads\/2024\/01\/Lenigme-des-experts-climatiques-face-a-lurgence-2-1080x675-1-680x425.jpg 680w, https:\/\/www.iode-du-lac.org\/blog\/wp-content\/uploads\/2024\/01\/Lenigme-des-experts-climatiques-face-a-lurgence-2-1080x675-1-768x480.jpg 768w, https:\/\/www.iode-du-lac.org\/blog\/wp-content\/uploads\/2024\/01\/Lenigme-des-experts-climatiques-face-a-lurgence-2-1080x675-1-125x78.jpg 125w, https:\/\/www.iode-du-lac.org\/blog\/wp-content\/uploads\/2024\/01\/Lenigme-des-experts-climatiques-face-a-lurgence-2-1080x675-1.jpg 1080w\" sizes=\"(max-width: 250px) 100vw, 250px\" \/>\n             <\/div>\n        <\/div><div class=\"eael-entry-wrapper\"><header class=\"eael-entry-header\"><h4 class=\"eael-entry-title\"><a class=\"eael-grid-post-link\" href=\"https:\/\/www.iode-du-lac.org\/blog\/2024\/01\/lenigme-des-experts-climatiques-face-a-lurgence-ou-comment-passer-a-cote-du-principal-facteur-emetteur-mondial-quest-lelevage\/\" title=\"L\u2019\u00e9nigme des experts climatiques face \u00e0 l\u2019urgence, Ou comment passer \u00e0 c\u00f4t\u00e9 du principal facteur \u00e9metteur mondial qu\u2019est l\u2019\u00e9levage\">L\u2019\u00e9nigme des experts climatiques face \u00e0 l\u2019urgence, Ou comment passer \u00e0 c\u00f4t\u00e9 du principal facteur \u00e9metteur mondial qu\u2019est l\u2019\u00e9levage<\/a><\/h4><\/header><div class=\"eael-entry-content\">\n                        <div class=\"eael-grid-post-excerpt\"><p>En r\u00e9sum\u00e9, d\u2019apr\u00e8s les diff\u00e9rentes \u00e9tudes cit\u00e9es et l\u2019analyse pr\u00e9c\u00e9dente,...<\/p><a href=\"https:\/\/www.iode-du-lac.org\/blog\/2024\/01\/lenigme-des-experts-climatiques-face-a-lurgence-ou-comment-passer-a-cote-du-principal-facteur-emetteur-mondial-quest-lelevage\/\" class=\"eael-post-elements-readmore-btn\">Lire l'article complet ...<\/a><\/div>\n                    <\/div><\/div><\/div>\n        <\/div>\n    <\/article><article class=\"eael-grid-post  eael-post-grid-column eael-pg-post-6329 category-alimentation-ethique-animale\" data-id=\"6329\">\n        <div class=\"eael-grid-post-holder\">\n            <div class=\"eael-grid-post-holder-inner\"><div class=\"eael-entry-wrapper\"><header class=\"eael-entry-header\"><h4 class=\"eael-entry-title\"><a class=\"eael-grid-post-link\" href=\"https:\/\/www.iode-du-lac.org\/blog\/2023\/12\/cop28-climate-summit-will-serve-mostly-vegan-food-for-the-first-time-in-its-history-confirms-un\/\" title=\"COP28 climate summit will serve mostly vegan food for the first time in its history, confirms UN\">COP28 climate summit will serve mostly vegan food for the first time in its history, confirms UN<\/a><\/h4><\/header><div class=\"eael-entry-content\">\n                        <div class=\"eael-grid-post-excerpt\"><p>&nbsp; https:\/\/www.veganfoodandliving.com\/news\/cop28-vegan-food\/?utm_source=substack&amp;utm_medium=email<\/p><a href=\"https:\/\/www.iode-du-lac.org\/blog\/2023\/12\/cop28-climate-summit-will-serve-mostly-vegan-food-for-the-first-time-in-its-history-confirms-un\/\" class=\"eael-post-elements-readmore-btn\">Lire l'article complet ...<\/a><\/div>\n                    <\/div><\/div><\/div>\n        <\/div>\n    <\/article><\/div>\n            <div class=\"clearfix\"><\/div>\n        <\/div>            <div class=\"eael-load-more-button-wrap eael-force-hide\">\n                <button class=\"eael-load-more-button\" id=\"eael-load-more-btn-ebc2df3\" data-widget-id=\"ebc2df3\" data-widget=\"ebc2df3\" data-page-id=\"7192\" data-template=\"{&quot;dir&quot;:&quot;lite&quot;,&quot;file_name&quot;:&quot;three.php&quot;,&quot;name&quot;:&quot;Post-Grid&quot;}\" data-class=\"Essential_Addons_Elementor\\Elements\\Post_Grid\" data-layout=\"grid\" data-page=\"1\" data-args=\"orderby=date&amp;order=desc&amp;ignore_sticky_posts=1&amp;post_status=publish&amp;posts_per_page=10&amp;offset=0&amp;post_type=post\" data-max-page=\"42\">\n                    <span class=\"eael-btn-loader button__loader\"><\/span>\n                    <span class=\"eael_load_more_text\">Load More<\/span>\n                <\/button>\n            <\/div>\n            \t\t\t\t<\/div>\n\t\t\t\t<\/div>\n\t\t<div class=\"elementor-element elementor-element-87fdc0d e-con-full e-flex jltma-glass-effect-no wpr-particle-no wpr-jarallax-no wpr-parallax-no wpr-sticky-section-no wpr-equal-height-no e-con e-parent\" data-id=\"87fdc0d\" data-element_type=\"container\" data-e-type=\"container\" data-settings=\"{&quot;background_background&quot;:&quot;classic&quot;}\">\n\t\t\t\t<\/div>\n\t\t\t\t<\/div>\n\t\t","protected":false},"excerpt":{"rendered":"<p>Bienvenue sur le Blog Iode-du-Lac Choisissez votre th\u00e8me&#8230;. Alimentation&nbsp;(93) Association&nbsp;(8) Economie et finance \u00e9thique&nbsp;(23) Ethique animale&nbsp;(34) Jardin et permaculture&nbsp;(60) L&#039;habitat et l&#039;\u00e9nergie&nbsp;(68) Les AMAPs&nbsp;(10) Les transports&nbsp;(118) R\u00e9duction d\u00e9chets&nbsp;(2) V\u00e9lo&nbsp;(73) Les 10 derni\u00e8res actualit\u00e9s Semaine Allons-y \u00e0 V\u00e9lo (AYAV) La commission d\u00e9veloppement durable du CSE Airbus Operations et l&rsquo;association&#8230; Lire l&rsquo;article complet &#8230; Conf\u00e9rence permaculture &#8211; Reproduction des plantes Notre intervenant des cours de permaculture, Ludo du Bosquet Fantastique,&#8230; Lire l&rsquo;article complet &#8230; Assembl\u00e9e G\u00e9n\u00e9rale 2026 L\u2019Assembl\u00e9e G\u00e9n\u00e9rale de l\u2019association a eu lieu le 10 mars&#8230; Lire l&rsquo;article complet &#8230; Retour sur la conf\u00e9rence \u201cAnimal Economics\u201d Comme annonc\u00e9, la conf\u00e9rence sur l&rsquo;Economie des animaux ou comment&#8230; Lire l&rsquo;article complet &#8230; compte-rendu de la projection de \u201c73 cows\u201d Le mercredi 27 novembre 2024, le groupe Ethique Animale de&#8230; Lire l&rsquo;article complet &#8230; Documentaire \u201c73 cows\u201d Projection-d\u00e9bat avec d\u00e9gustation v\u00e9g\u00e9tale Le groupe Ethique Animale de IODE&#8230; Lire l&rsquo;article complet &#8230; Half of the world\u2019s habitable land is used for agriculture \u00ab\u00a0The vast majority of the world\u2019s agricultural land is used&#8230; Lire l&rsquo;article complet &#8230; Atelier de cuisine v\u00e9g\u00e9tale &#8211; samedi 27 avril 2024 IODE et le groupe Ethique animale vous proposent un atelier&#8230; Lire l&rsquo;article complet &#8230; L\u2019\u00e9nigme des experts climatiques face \u00e0 l\u2019urgence, Ou comment passer \u00e0 c\u00f4t\u00e9 du principal facteur \u00e9metteur mondial qu\u2019est l\u2019\u00e9levage En r\u00e9sum\u00e9, d\u2019apr\u00e8s les diff\u00e9rentes \u00e9tudes cit\u00e9es et l\u2019analyse pr\u00e9c\u00e9dente,&#8230; Lire l&rsquo;article complet &#8230; COP28 climate summit will serve mostly vegan food for the first time in its history, confirms UN &nbsp; https:\/\/www.veganfoodandliving.com\/news\/cop28-vegan-food\/?utm_source=substack&amp;utm_medium=email Lire l&rsquo;article complet &#8230; Load More<\/p>\n","protected":false},"author":42,"featured_media":0,"parent":0,"menu_order":0,"comment_status":"closed","ping_status":"closed","template":"","meta":{"site-sidebar-layout":"no-sidebar","site-content-layout":"","ast-site-content-layout":"full-width-container","site-content-style":"default","site-sidebar-style":"default","ast-global-header-display":"","ast-banner-title-visibility":"","ast-main-header-display":"","ast-hfb-above-header-display":"","ast-hfb-below-header-display":"","ast-hfb-mobile-header-display":"","site-post-title":"","ast-breadcrumbs-content":"","ast-featured-img":"disabled","footer-sml-layout":"","ast-disable-related-posts":"","theme-transparent-header-meta":"default","adv-header-id-meta":"","stick-header-meta":"","header-above-stick-meta":"","header-main-stick-meta":"","header-below-stick-meta":"","astra-migrate-meta-layouts":"set","ast-page-background-enabled":"default","ast-page-background-meta":{"desktop":{"background-color":"var(--ast-global-color-5)","background-image":"","background-repeat":"repeat","background-position":"center center","background-size":"auto","background-attachment":"scroll","background-type":"","background-media":"","overlay-type":"","overlay-color":"","overlay-opacity":"","overlay-gradient":""},"tablet":{"background-color":"","background-image":"","background-repeat":"repeat","background-position":"center center","background-size":"auto","background-attachment":"scroll","background-type":"","background-media":"","overlay-type":"","overlay-color":"","overlay-opacity":"","overlay-gradient":""},"mobile":{"background-color":"","background-image":"","background-repeat":"repeat","background-position":"center center","background-size":"auto","background-attachment":"scroll","background-type":"","background-media":"","overlay-type":"","overlay-color":"","overlay-opacity":"","overlay-gradient":""}},"ast-content-background-meta":{"desktop":{"background-color":"var(--ast-global-color-4)","background-image":"","background-repeat":"repeat","background-position":"center center","background-size":"auto","background-attachment":"scroll","background-type":"","background-media":"","overlay-type":"","overlay-color":"","overlay-opacity":"","overlay-gradient":""},"tablet":{"background-color":"var(--ast-global-color-4)","background-image":"","background-repeat":"repeat","background-position":"center center","background-size":"auto","background-attachment":"scroll","background-type":"","background-media":"","overlay-type":"","overlay-color":"","overlay-opacity":"","overlay-gradient":""},"mobile":{"background-color":"var(--ast-global-color-4)","background-image":"","background-repeat":"repeat","background-position":"center center","background-size":"auto","background-attachment":"scroll","background-type":"","background-media":"","overlay-type":"","overlay-color":"","overlay-opacity":"","overlay-gradient":""}},"_mc_calendar":[],"footnotes":""},"class_list":["post-7192","page","type-page","status-publish","hentry"],"_links":{"self":[{"href":"https:\/\/www.iode-du-lac.org\/blog\/wp-json\/wp\/v2\/pages\/7192","targetHints":{"allow":["GET"]}}],"collection":[{"href":"https:\/\/www.iode-du-lac.org\/blog\/wp-json\/wp\/v2\/pages"}],"about":[{"href":"https:\/\/www.iode-du-lac.org\/blog\/wp-json\/wp\/v2\/types\/page"}],"author":[{"embeddable":true,"href":"https:\/\/www.iode-du-lac.org\/blog\/wp-json\/wp\/v2\/users\/42"}],"replies":[{"embeddable":true,"href":"https:\/\/www.iode-du-lac.org\/blog\/wp-json\/wp\/v2\/comments?post=7192"}],"version-history":[{"count":40,"href":"https:\/\/www.iode-du-lac.org\/blog\/wp-json\/wp\/v2\/pages\/7192\/revisions"}],"predecessor-version":[{"id":7614,"href":"https:\/\/www.iode-du-lac.org\/blog\/wp-json\/wp\/v2\/pages\/7192\/revisions\/7614"}],"wp:attachment":[{"href":"https:\/\/www.iode-du-lac.org\/blog\/wp-json\/wp\/v2\/media?parent=7192"}],"curies":[{"name":"wp","href":"https:\/\/api.w.org\/{rel}","templated":true}]}}